{"version":"1.0","provider_name":"Conte\u00fado","provider_url":"https:\/\/coracaofiel.com.br\/conteudo","title":"Movimento Cora\u00e7\u00e3o Jovem - Conte\u00fado","type":"rich","width":600,"height":338,"html":"<blockquote class=\"wp-embedded-content\"><a href=\"https:\/\/coracaofiel.com.br\/conteudo\/movimento-coracao-jovem\/\">Movimento Cora\u00e7\u00e3o Jovem<\/a><\/blockquote>\n<script type='text\/javascript'>\n<!--\/\/--><![CDATA[\/\/><!--\n\t\t\/*! This file is auto-generated *\/\n\t\t!function(d,l){\"use strict\";var e=!1,o=!1;if(l.querySelector)if(d.addEventListener)e=!0;if(d.wp=d.wp||{},!d.wp.receiveEmbedMessage)if(d.wp.receiveEmbedMessage=function(e){var t=e.data;if(t)if(t.secret||t.message||t.value)if(!\/[^a-zA-Z0-9]\/.test(t.secret)){var r,a,i,s,n,o=l.querySelectorAll('iframe[data-secret=\"'+t.secret+'\"]'),c=l.querySelectorAll('blockquote[data-secret=\"'+t.secret+'\"]');for(r=0;r<c.length;r++)c[r].style.display=\"none\";for(r=0;r<o.length;r++)if(a=o[r],e.source===a.contentWindow){if(a.removeAttribute(\"style\"),\"height\"===t.message){if(1e3<(i=parseInt(t.value,10)))i=1e3;else if(~~i<200)i=200;a.height=i}if(\"link\"===t.message)if(s=l.createElement(\"a\"),n=l.createElement(\"a\"),s.href=a.getAttribute(\"src\"),n.href=t.value,n.host===s.host)if(l.activeElement===a)d.top.location.href=t.value}}},e)d.addEventListener(\"message\",d.wp.receiveEmbedMessage,!1),l.addEventListener(\"DOMContentLoaded\",t,!1),d.addEventListener(\"load\",t,!1);function t(){if(!o){o=!0;var e,t,r,a,i=-1!==navigator.appVersion.indexOf(\"MSIE 10\"),s=!!navigator.userAgent.match(\/Trident.*rv:11\\.\/),n=l.querySelectorAll(\"iframe.wp-embedded-content\");for(t=0;t<n.length;t++){if(!(r=n[t]).getAttribute(\"data-secret\"))a=Math.random().toString(36).substr(2,10),r.src+=\"#?secret=\"+a,r.setAttribute(\"data-secret\",a);if(i||s)(e=r.cloneNode(!0)).removeAttribute(\"security\"),r.parentNode.replaceChild(e,r)}}}}(window,document);\n\/\/--><!]]>\n<\/script><iframe sandbox=\"allow-scripts\" security=\"restricted\" src=\"https:\/\/coracaofiel.com.br\/conteudo\/movimento-coracao-jovem\/embed\/\" width=\"600\" height=\"338\" title=\"&#8220;Movimento Cora\u00e7\u00e3o Jovem&#8221; &#8212; Conte\u00fado\" frameborder=\"0\" marginwidth=\"0\" marginheight=\"0\" scrolling=\"no\" class=\"wp-embedded-content\"><\/iframe>","thumbnail_url":"https:\/\/coracaofiel.com.br\/conteudo\/wp-content\/uploads\/2021\/11\/Conte\u00fado-1-1.jpg","thumbnail_width":"1280","thumbnail_height":"700","description":"Comunidade Cora\u00e7\u00e3o Fiel, convida toda juventude do Vale do S\u00e3o Patr\u00edcio para Celebra\u00e7\u00e3o Eucar\u00edstica, \u2018Missa Jovem\u2019, que acontecer\u00e1 no dia 20 de dezembro, as 19h30, no Quintal do Meu Senhor na R\u00e1dio Cora\u00e7\u00e3o Fiel."}